{"id":26,"date":"2016-04-21T20:50:05","date_gmt":"2016-04-21T19:50:05","guid":{"rendered":"http:\/\/www.fragments.asso.fr\/blog\/?page_id=26"},"modified":"2019-02-04T12:51:38","modified_gmt":"2019-02-04T11:51:38","slug":"haftling","status":"publish","type":"page","link":"http:\/\/www.fragments.asso.fr\/blog\/haftling\/","title":{"rendered":"H\u00e4ftling"},"content":{"rendered":"<p style=\"text-align: center;\"><iframe loading=\"lazy\" src=\"\/\/www.youtube.com\/embed\/xgJmco6HBAo\" allowfullscreen=\"allowfullscreen\" width=\"560\" height=\"315\" frameborder=\"0\"><\/iframe><\/p>\n<p style=\"text-align: center;\"><span style=\"font-family: andale mono, monospace; font-size: 12pt;\"><br \/>\nC\u2019est une composition fragmentaire qui a n\u00e9cessit\u00e9 6 mois de travail apr\u00e8s une \u00e9laboration et une maturation intellectuelle de pr\u00e8s de 8 ans.<\/span><\/p>\n<p style=\"text-align: center;\"><span style=\"font-family: andale mono, monospace; font-size: 12pt;\">Elle se pr\u00e9sente sous la forme de 9 croix gamm\u00e9es d\u00e9structur\u00e9es qui montrent, en leur c\u0153ur, l\u2019horreur du syst\u00e8me concentrationnaire. Pour la mise au point de cette composition fragmentaire, des techniques de pointe ont \u00e9t\u00e9 utilis\u00e9es.&nbsp;<\/span><\/p>\n<p style=\"text-align: center;\"><img loading=\"lazy\" decoding=\"async\" class=\"aligncenter size-medium wp-image-223\" src=\"http:\/\/www.fragments.asso.fr\/blog\/wp-content\/uploads\/2016\/04\/haftling-300x156.gif\" alt=\"haftling\" width=\"300\" height=\"156\"><\/p>\n<p style=\"text-align: center;\"><span style=\"font-family: andale mono, monospace; font-size: 12pt;\">On peut y voir la puissance de la science et de la technique dans l\u2019an\u00e9antissement du peuple juif. Alors que la technique et le syst\u00e8me rationnel technicien \u00e9taient au c\u0153ur de cette d\u00e9r\u00e9liction, l\u2019auteur montre aussi que la technique peut-\u00eatre \u00e0 la fois un vecteur de l\u2019inhumain et un vecteur de transmission de la M\u00e9moire.<\/span><\/p>\n<p style=\"text-align: center;\"><span style=\"font-family: andale mono, monospace; font-size: 12pt;\">Chaque fragment est compos\u00e9 de 12 blocks. Chaque block est occup\u00e9 par 1 632 fois le m\u00eame personnage. Ce personnage est issu d\u2019un modeleur volumique num\u00e9rique. Il est neutre et sans signe distinctif. C\u2019est un parmi tous les autres.<\/span><\/p>\n<p style=\"text-align: center;\"><img loading=\"lazy\" decoding=\"async\" class=\"aligncenter size-medium wp-image-224\" src=\"http:\/\/www.fragments.asso.fr\/blog\/wp-content\/uploads\/2016\/04\/elimination-300x106.jpg\" alt=\"elimination\" width=\"300\" height=\"106\" srcset=\"http:\/\/www.fragments.asso.fr\/blog\/wp-content\/uploads\/2016\/04\/elimination-300x106.jpg 300w, http:\/\/www.fragments.asso.fr\/blog\/wp-content\/uploads\/2016\/04\/elimination-768x271.jpg 768w, http:\/\/www.fragments.asso.fr\/blog\/wp-content\/uploads\/2016\/04\/elimination.jpg 908w\" sizes=\"auto, (max-width: 300px) 100vw, 300px\" \/><\/p>\n<p style=\"text-align: center;\"><span style=\"font-family: andale mono, monospace; font-size: 12pt;\">De chaque block sont extraites 16 personnes. En retirant 11 personnes dans le block 30 \u00e0 la somme totale des personnes de la composition, ces indications permettent d\u2019identifier le num\u00e9ro d\u2019un d\u00e9port\u00e9 assign\u00e9 \u00e0 ce block 30.<\/span><\/p>\n<p style=\"text-align: center;\"><span style=\"font-family: andale mono, monospace; font-size: 12pt;\">Le processus d\u2019identification se fait ainsi&nbsp;:<\/span><\/p>\n<p style=\"text-align: center;\"><span style=\"font-family: andale mono, monospace; font-size: 12pt;\">Nombre de personnes au total&nbsp;: 1 632 x 12 x 9 = 176 256 &#8211; La d\u00e9portation de masse<\/span><\/p>\n<p style=\"text-align: center;\"><span style=\"font-family: andale mono, monospace; font-size: 12pt;\">Nombre de personnes enlev\u00e9es&nbsp;: 16 x 12 x 9 = 1 728 &#8211; Les diff\u00e9rentes s\u00e9lections<\/span><\/p>\n<p style=\"text-align: center;\"><span style=\"font-family: andale mono, monospace; font-size: 12pt;\">R\u00e9sultat obtenu&nbsp;: 176 256 \u2013 1 728 = 174 528<\/span><\/p>\n<p style=\"text-align: center;\"><span style=\"font-family: andale mono, monospace; font-size: 12pt;\">\u00c9limination des onze derniers&nbsp;dans le Block 30 :<\/span><\/p>\n<p style=\"text-align: center;\"><span style=\"font-family: andale mono, monospace; font-size: 12pt;\">174 528 \u2013 11 = 174 517 &#8211; L\u2019interrogation des survivants<\/span><\/p>\n<p style=\"text-align: center;\"><span style=\"font-family: andale mono, monospace; font-size: 12pt;\">Le num\u00e9ro obtenu est le matricule de Primo Levi.&nbsp;<\/span><\/p>\n<p style=\"text-align: center;\"><span style=\"font-family: andale mono, monospace; font-size: 12pt;\">Les diff\u00e9rents blocks sont cousus entre eux par des fils barbel\u00e9s ou des fils de fer. Ils ont \u00e9t\u00e9 pr\u00e9alablement encoll\u00e9s mais le temps doit tout d\u00e9coller et seuls les fils d\u2019acier tiendront l\u2019ensemble. Les blocks sont s\u00e9par\u00e9s entre eux par un amalgame de cendres et de terre. Les cendres ont \u00e9t\u00e9 m\u00e9lang\u00e9es \u00e0 la terre. Cela rappelle qu\u2019Auschwitz est le plus grand cimeti\u00e8re juif. Il n\u2019y a aucune tombe.<\/span><\/p>\n<p style=\"text-align: center;\"><img loading=\"lazy\" decoding=\"async\" class=\"aligncenter size-medium wp-image-225\" src=\"http:\/\/www.fragments.asso.fr\/blog\/wp-content\/uploads\/2016\/04\/couturedetail1-300x225.jpg\" alt=\"couturedetail1\" width=\"300\" height=\"225\" srcset=\"http:\/\/www.fragments.asso.fr\/blog\/wp-content\/uploads\/2016\/04\/couturedetail1-300x225.jpg 300w, http:\/\/www.fragments.asso.fr\/blog\/wp-content\/uploads\/2016\/04\/couturedetail1-768x576.jpg 768w, http:\/\/www.fragments.asso.fr\/blog\/wp-content\/uploads\/2016\/04\/couturedetail1-1024x768.jpg 1024w, http:\/\/www.fragments.asso.fr\/blog\/wp-content\/uploads\/2016\/04\/couturedetail1.jpg 1280w\" sizes=\"auto, (max-width: 300px) 100vw, 300px\" \/><\/p>\n<p style=\"text-align: center;\"><span style=\"font-family: andale mono, monospace; font-size: 12pt;\">Cette composition fragmentaire est le v\u00e9hicule de plusieurs messages et interrogations que le concepteur souhaite vous soumettre. Chacun pourra ensuite interpr\u00e9ter et s\u2019approprier ce qu\u2019il a devant lui en fonction de son histoire, de son ressenti. Pour aller plus loin dans la perception de ce que vous voyez, prenez le temps de lire <em>\u00ab\u00a0Si c\u2019est un homme\u00a0\u00bb<\/em> de Primo Levi.<\/span><\/p>\n<p style=\"text-align: center;\"><span style=\"font-family: andale mono, monospace; font-size: 12pt;\">Ce travail, long et curieux par sa forme, met en \u00e9veil des moments de la vie des camps. L\u2019organisation industrielle de l\u2019extermination des hommes, la syst\u00e9matisation et la perte de normalisation des rapports humains, la d\u00e9personnalisation des identit\u00e9s, la n\u00e9gation de l\u2019individu, la d\u00e9sindividualisation.<\/span><\/p>\n<p style=\"text-align: center;\"><span style=\"font-family: andale mono, monospace; font-size: 12pt;\">Dans l\u2019acte cr\u00e9atif se sont manifest\u00e9es aussi de grandes interrogations. Pour l\u2019obtention du num\u00e9ro final, il a fallu \u00e9liminer 16 personnes par blocks. Vous remarquerez le caract\u00e8re syst\u00e9matique de l\u2019\u00e9limination et son caract\u00e8re al\u00e9atoire. Aussi paradoxal que cela puisse para\u00eetre, les personnes \u00e9limin\u00e9es des blocks ont un statut \u00e9trange. Elles font partie \u00e0 la fois des survivants et des victimes. Vous remarquez que certains sont absents \u00e0 cause de la construction. <\/span><\/p>\n<p style=\"text-align: center;\"><span style=\"font-family: andale mono, monospace; font-size: 12pt;\">\u00c0 ce moment pr\u00e9cis, nous pouvons nous interroger sur le processus du choix de l\u2019homme pour ses actes futurs. Son choix conditionne ici la vie ou la mort. Primo Levi s\u2019est toujours interrog\u00e9 sur les raisons r\u00e9elles et objectives de sa survie. On pourra alors s\u2019interroger sur la pr\u00e9sence du num\u00e9ro 174517 dans le block 30. Suivant la logique implacable que l\u2018auteur s\u2019est impos\u00e9, il n\u2019aurait pas du \u00eatre pr\u00e9sent sur la composition puisqu\u2019il en est sorti. Il a pr\u00e9f\u00e9r\u00e9 le laisser pour montrer comment un survivant ne peut oublier et comment il vit tous les jours avec ce que l\u2019on appelle \u00ab&nbsp;l\u2019ultime innommable&nbsp;\u00bb.<\/span><\/p>\n<p style=\"text-align: center;\"><span style=\"font-family: andale mono, monospace; font-size: 12pt;\">Vous aurez remarqu\u00e9 aussi que des chiffres apparaissent de temps en temps. Ils mettent l\u2019accent sur la n\u00e9gation de l\u2019individu. L\u2019identification se faisait par un num\u00e9ro qu\u2019il fallait apprendre tr\u00e8s vite sous peine d\u2019\u00eatre s\u00e9v\u00e8rement puni. Le caract\u00e8re universel du chiffre interroge sur son utilisation. Il en va de m\u00eame de la rationalit\u00e9 \u00e0 laquelle nous sommes toutes et tous tant attach\u00e9s.<\/span><\/p>\n<p style=\"text-align: center;\"><span style=\"font-family: andale mono, monospace; font-size: 12pt;\">De sa mise au point jusqu\u2019\u00e0 sa r\u00e9alisation, cette composition est le fruit d\u2019un syst\u00e8me de pens\u00e9e volontairement ultra-rationaliste. Rien n\u2019est laiss\u00e9 au hasard.<\/span><\/p>\n<p style=\"text-align: center;\"><span style=\"font-family: andale mono, monospace; font-size: 12pt;\">Comme l\u2019est \u00e9voqu\u00e9 \u00e0 de multiples reprises dans cette exposition, de nombreuses autres interrogations peuvent surgir. Ce sont les v\u00f4tres et elles permettent de chercher \u00e0 comprendre tous ensemble. Parce que vous \u00eates les vecteurs de cette m\u00e9moire, c\u2019est aussi dans une interpr\u00e9tation plus personnelle que se trouvera renforc\u00e9 notre Travail de M\u00e9moire.<\/span><\/p>\n","protected":false},"excerpt":{"rendered":"<p>C\u2019est une composition fragmentaire qui a n\u00e9cessit\u00e9 6 mois de travail apr\u00e8s une \u00e9laboration et une maturation intellectuelle de pr\u00e8s de 8 ans. Elle se pr\u00e9sente sous la forme de 9 croix gamm\u00e9es d\u00e9structur\u00e9es qui montrent, en leur c\u0153ur, l\u2019horreur du syst\u00e8me concentrationnaire. Pour la mise au point de cette composition fragmentaire, des techniques de [&hellip;]<\/p>\n","protected":false},"author":1,"featured_media":0,"parent":0,"menu_order":0,"comment_status":"closed","ping_status":"closed","template":"templates\/page-full-width.php","meta":{"sfsi_plus_gutenberg_text_before_share":"","sfsi_plus_gutenberg_show_text_before_share":"","sfsi_plus_gutenberg_icon_type":"","sfsi_plus_gutenberg_icon_alignemt":"","sfsi_plus_gutenburg_max_per_row":"","footnotes":""},"class_list":["post-26","page","type-page","status-publish","hentry"],"_links":{"self":[{"href":"http:\/\/www.fragments.asso.fr\/blog\/wp-json\/wp\/v2\/pages\/26","targetHints":{"allow":["GET"]}}],"collection":[{"href":"http:\/\/www.fragments.asso.fr\/blog\/wp-json\/wp\/v2\/pages"}],"about":[{"href":"http:\/\/www.fragments.asso.fr\/blog\/wp-json\/wp\/v2\/types\/page"}],"author":[{"embeddable":true,"href":"http:\/\/www.fragments.asso.fr\/blog\/wp-json\/wp\/v2\/users\/1"}],"replies":[{"embeddable":true,"href":"http:\/\/www.fragments.asso.fr\/blog\/wp-json\/wp\/v2\/comments?post=26"}],"version-history":[{"count":9,"href":"http:\/\/www.fragments.asso.fr\/blog\/wp-json\/wp\/v2\/pages\/26\/revisions"}],"predecessor-version":[{"id":392,"href":"http:\/\/www.fragments.asso.fr\/blog\/wp-json\/wp\/v2\/pages\/26\/revisions\/392"}],"wp:attachment":[{"href":"http:\/\/www.fragments.asso.fr\/blog\/wp-json\/wp\/v2\/media?parent=26"}],"curies":[{"name":"wp","href":"https:\/\/api.w.org\/{rel}","templated":true}]}}