{"id":28,"date":"2016-04-21T20:50:54","date_gmt":"2016-04-21T19:50:54","guid":{"rendered":"http:\/\/www.fragments.asso.fr\/blog\/?page_id=28"},"modified":"2022-02-01T17:43:51","modified_gmt":"2022-02-01T16:43:51","slug":"himmelweg","status":"publish","type":"page","link":"http:\/\/www.fragments.asso.fr\/blog\/himmelweg\/","title":{"rendered":"Himmelweg"},"content":{"rendered":"<h3 style=\"text-align: center;\"><span style=\"font-family: arial black, sans-serif; font-size: 12pt;\">LE CHEMIN DU CIEL<\/span><\/h3>\n<div style=\"text-align: center;\"><iframe loading=\"lazy\" style=\"display: inline-block;\" src=\"https:\/\/www.youtube.com\/embed\/Nj9jA1nSIPM\" width=\"560\" height=\"315\" frameborder=\"0\" allowfullscreen=\"allowfullscreen\"><\/iframe><\/div>\n<p style=\"text-align: center;\"><span style=\"font-family: andale mono,monospace; font-size: 12pt;\">Himmelweg est une fulgurance. Cette \u00e9chelle trace une direction.<\/span><\/p>\n<p style=\"text-align: center;\"><span style=\"font-family: andale mono,monospace; font-size: 12pt;\">Elle ne m\u00e8ne nulle part. Elle n&rsquo;identifie pas de d\u00e9but ni de fin. <\/span><\/p>\n<p style=\"text-align: center;\"><span style=\"font-family: Agency FB; font-size: 12pt;\"><span style=\"font-family: andale mono,monospace;\">Elle se dirige vers la n\u00e9gation et son infinie douleur.<\/span> <\/span><\/p>\n<p style=\"text-align: center;\"><span style=\"font-family: andale mono,monospace; font-size: 12pt;\">On ne peut aller nulle part et n&rsquo;atteindre aucun lieu, ni aucun but.<\/span><br style=\"font-family: Agency FB;\" \/><span style=\"font-family: andale mono,monospace; font-size: 12pt;\">Cette fois, est associ\u00e9 au m\u00e9tal et au bois, un mat\u00e9riau nouveau, qui par sa texture permet le passage de la lumi\u00e8re. <\/span><\/p>\n<p style=\"text-align: center;\"><span style=\"font-family: andale mono,monospace; font-size: 12pt;\">Cette projection de rayons lumineux fait appara\u00eetre des num\u00e9ros.<\/span><\/p>\n<p style=\"text-align: center;\"><span style=\"font-family: Agency FB;\"><span style=\"font-family: andale mono,monospace; font-size: 12pt;\"> L&rsquo;important dans cette construction c&rsquo;est la trace de l&rsquo;ombre que laisse la lumi\u00e8re sur le mur, ou le sol.<\/span><\/span><span style=\"font-family: andale mono,monospace; font-size: 12pt;\"> Cette \u00e9chelle permet de s&rsquo;interroger sur la peur, la panique, la n\u00e9gation de toute esp\u00e9rance des d\u00e9port\u00e9s empruntant ce chemin pour la premi\u00e8re et derni\u00e8re fois. Ce chemin conduisait dans la chambre \u00e0 gaz.<\/span><br style=\"font-family: Agency FB;\" \/><span style=\"font-family: andale mono,monospace; font-size: 12pt;\">Elle marque aussi une sorte de rupture avec les autres compositions pr\u00e9sent\u00e9es. Sur les autres constructions, les chiffres et inscriptions peuvent \u00eatre effac\u00e9es. Pour ne plus voir les num\u00e9ros inscrits par l&rsquo;\u00e9chelle, il faut d\u00e9truire la lumi\u00e8re elle m\u00eame. Nous voyons bien l\u00e0, la folie absolue de ceux qui ont voulu \u00e9liminer de la plan\u00e8te des millions d&rsquo;individus.<\/span><br style=\"font-family: Agency FB;\" \/><span style=\"font-family: andale mono,monospace; font-size: 12pt;\">M\u00eame la lumi\u00e8re se souvient \u2026<\/span><\/p>\n\n","protected":false},"excerpt":{"rendered":"<p>LE CHEMIN DU CIEL Himmelweg est une fulgurance. Cette \u00e9chelle trace une direction. Elle ne m\u00e8ne nulle part. Elle n&rsquo;identifie pas de d\u00e9but ni de fin. Elle se dirige vers la n\u00e9gation et son infinie douleur. On ne peut aller nulle part et n&rsquo;atteindre aucun lieu, ni aucun but.Cette fois, est associ\u00e9 au m\u00e9tal et [&hellip;]<\/p>\n","protected":false},"author":1,"featured_media":0,"parent":0,"menu_order":0,"comment_status":"closed","ping_status":"closed","template":"templates\/page-full-width.php","meta":{"sfsi_plus_gutenberg_text_before_share":"","sfsi_plus_gutenberg_show_text_before_share":"","sfsi_plus_gutenberg_icon_type":"","sfsi_plus_gutenberg_icon_alignemt":"","sfsi_plus_gutenburg_max_per_row":"","footnotes":""},"class_list":["post-28","page","type-page","status-publish","hentry"],"_links":{"self":[{"href":"http:\/\/www.fragments.asso.fr\/blog\/wp-json\/wp\/v2\/pages\/28","targetHints":{"allow":["GET"]}}],"collection":[{"href":"http:\/\/www.fragments.asso.fr\/blog\/wp-json\/wp\/v2\/pages"}],"about":[{"href":"http:\/\/www.fragments.asso.fr\/blog\/wp-json\/wp\/v2\/types\/page"}],"author":[{"embeddable":true,"href":"http:\/\/www.fragments.asso.fr\/blog\/wp-json\/wp\/v2\/users\/1"}],"replies":[{"embeddable":true,"href":"http:\/\/www.fragments.asso.fr\/blog\/wp-json\/wp\/v2\/comments?post=28"}],"version-history":[{"count":36,"href":"http:\/\/www.fragments.asso.fr\/blog\/wp-json\/wp\/v2\/pages\/28\/revisions"}],"predecessor-version":[{"id":505,"href":"http:\/\/www.fragments.asso.fr\/blog\/wp-json\/wp\/v2\/pages\/28\/revisions\/505"}],"wp:attachment":[{"href":"http:\/\/www.fragments.asso.fr\/blog\/wp-json\/wp\/v2\/media?parent=28"}],"curies":[{"name":"wp","href":"https:\/\/api.w.org\/{rel}","templated":true}]}}