{"id":30,"date":"2016-04-21T20:51:46","date_gmt":"2016-04-21T19:51:46","guid":{"rendered":"http:\/\/www.fragments.asso.fr\/blog\/?page_id=30"},"modified":"2019-02-04T12:53:09","modified_gmt":"2019-02-04T11:53:09","slug":"memoire","status":"publish","type":"page","link":"http:\/\/www.fragments.asso.fr\/blog\/memoire\/","title":{"rendered":"M\u00e9moire"},"content":{"rendered":"<p style=\"text-align: center;\"><iframe loading=\"lazy\" src=\"\/\/www.youtube.com\/embed\/QwBX5CDSJ2o\" allowfullscreen=\"allowfullscreen\" width=\"560\" height=\"315\" frameborder=\"0\"><\/iframe><\/p>\n<p>&nbsp;<\/p>\n<p style=\"text-align: center;\"><span style=\"font-family: andale mono, monospace; font-size: 12pt;\">Une succession du m\u00eame portrait qui se d\u00e9grade jusqu&rsquo;\u00e0 ne presque plus appara\u00eetre du tout. <\/span><\/p>\n<p style=\"text-align: center;\"><span style=\"font-family: andale mono, monospace; font-size: 12pt;\">Que reste-t-il de ce que nous avons tous vu ? <\/span><\/p>\n<p style=\"text-align: center;\"><span style=\"font-family: andale mono, monospace; font-size: 12pt;\">Qu&rsquo;en restera-t-il ? <\/span><\/p>\n<p style=\"text-align: center;\"><span style=\"font-family: andale mono, monospace; font-size: 12pt;\">Le temps fait ici son \u0153uvre de d\u00e9gradation de la M\u00e9moire. L&rsquo;effacement progressif est symbolis\u00e9 par des traits verticaux rappelant les rayures des uniformes port\u00e9s par les d\u00e9port\u00e9s dans certains camps. Il ne reste, en fin de parcours, qu&rsquo;un regard qui nous surprend encore par sa profondeur et son acuit\u00e9. Il nous appelle \u00e0 se souvenir et ne jamais se satisfaire d&rsquo;y avoir, une seule fois et un seul jour, pens\u00e9.<\/span><\/p>\n<p style=\"text-align: center;\"><span style=\"font-family: andale mono, monospace; font-size: 12pt;\"> Si le temps est l&rsquo;ennemi de la M\u00e9moire, le personnage nous dit aussi que c&rsquo;est maintenant \u00e0 nous de restaurer tous les jours, un peu mieux, les souvenirs de ces temps de l&rsquo;obscurit\u00e9. N&rsquo;oubliez jamais \u2026<\/span><\/p>\n<p>&nbsp;<\/p>\n<p style=\"text-align: center;\"><img loading=\"lazy\" decoding=\"async\" class=\"aligncenter size-medium wp-image-231\" src=\"http:\/\/www.fragments.asso.fr\/blog\/wp-content\/uploads\/2016\/04\/memoire-300x82.gif\" alt=\"memoire\" width=\"300\" height=\"82\"><\/p>\n","protected":false},"excerpt":{"rendered":"<p>&nbsp; Une succession du m\u00eame portrait qui se d\u00e9grade jusqu&rsquo;\u00e0 ne presque plus appara\u00eetre du tout. Que reste-t-il de ce que nous avons tous vu ? Qu&rsquo;en restera-t-il ? Le temps fait ici son \u0153uvre de d\u00e9gradation de la M\u00e9moire. L&rsquo;effacement progressif est symbolis\u00e9 par des traits verticaux rappelant les rayures des uniformes port\u00e9s par [&hellip;]<\/p>\n","protected":false},"author":1,"featured_media":0,"parent":0,"menu_order":0,"comment_status":"closed","ping_status":"closed","template":"templates\/page-full-width.php","meta":{"sfsi_plus_gutenberg_text_before_share":"","sfsi_plus_gutenberg_show_text_before_share":"","sfsi_plus_gutenberg_icon_type":"","sfsi_plus_gutenberg_icon_alignemt":"","sfsi_plus_gutenburg_max_per_row":"","footnotes":""},"class_list":["post-30","page","type-page","status-publish","hentry"],"_links":{"self":[{"href":"http:\/\/www.fragments.asso.fr\/blog\/wp-json\/wp\/v2\/pages\/30","targetHints":{"allow":["GET"]}}],"collection":[{"href":"http:\/\/www.fragments.asso.fr\/blog\/wp-json\/wp\/v2\/pages"}],"about":[{"href":"http:\/\/www.fragments.asso.fr\/blog\/wp-json\/wp\/v2\/types\/page"}],"author":[{"embeddable":true,"href":"http:\/\/www.fragments.asso.fr\/blog\/wp-json\/wp\/v2\/users\/1"}],"replies":[{"embeddable":true,"href":"http:\/\/www.fragments.asso.fr\/blog\/wp-json\/wp\/v2\/comments?post=30"}],"version-history":[{"count":6,"href":"http:\/\/www.fragments.asso.fr\/blog\/wp-json\/wp\/v2\/pages\/30\/revisions"}],"predecessor-version":[{"id":395,"href":"http:\/\/www.fragments.asso.fr\/blog\/wp-json\/wp\/v2\/pages\/30\/revisions\/395"}],"wp:attachment":[{"href":"http:\/\/www.fragments.asso.fr\/blog\/wp-json\/wp\/v2\/media?parent=30"}],"curies":[{"name":"wp","href":"https:\/\/api.w.org\/{rel}","templated":true}]}}