{"id":34,"date":"2016-04-21T20:53:09","date_gmt":"2016-04-21T19:53:09","guid":{"rendered":"http:\/\/www.fragments.asso.fr\/blog\/?page_id=34"},"modified":"2019-02-04T12:53:41","modified_gmt":"2019-02-04T11:53:41","slug":"persecution","status":"publish","type":"page","link":"http:\/\/www.fragments.asso.fr\/blog\/persecution\/","title":{"rendered":"Pers\u00e9cution"},"content":{"rendered":"<p style=\"text-align: center;\"><iframe loading=\"lazy\" src=\"\/\/www.youtube.com\/embed\/zDCbPKTKuNk\" allowfullscreen=\"allowfullscreen\" width=\"560\" height=\"315\" frameborder=\"0\"><\/iframe><\/p>\n<p>&nbsp;<\/p>\n<p style=\"text-align: center;\"><span style=\"font-family: andale mono, monospace; font-size: 12pt;\">Cette aquarelle est sans nul doute le point d\u00e9part de l\u2019interrogation g\u00e9n\u00e9rale \u00e0 laquelle vous soumet l\u2019exposition. Elle en \u00e9voque peut-\u00eatre aussi la fin.<\/span><\/p>\n<p style=\"text-align: center;\"><span style=\"font-family: andale mono, monospace; font-size: 12pt;\">On trouve sur cette aquarelle l\u2019\u00e9vocation de plusieurs alphabets dont l\u2019alphabet h\u00e9breu.<\/span><\/p>\n<p style=\"text-align: center;\"><span style=\"font-family: andale mono, monospace; font-size: 12pt;\">Les lettres de l\u2019alphabet permettent la mise en forme du discours, du verbe, de la pens\u00e9e. Les \u00e9crits permettent de comprendre les id\u00e9ologies sous-tendues, d\u2019expliquer, de d\u00e9tailler les grandes visions mortif\u00e8res. <\/span><\/p>\n<p style=\"text-align: center;\"><span style=\"font-family: andale mono, monospace; font-size: 12pt;\">L\u2019\u00e9criture n\u2019est pas neutre. C\u2019est elle qui permet de passer de la conceptualisation \u00e0 la r\u00e9alisation. Dans la trace \u00e9crite, un discours s\u2019avance non masqu\u00e9. Le discours nazi est dans les taches de sang qui viennent maculer la culture, l\u2019intelligence des peuples dans un d\u00e9lire obsessionnel et meurtrier. L\u2019\u00e9vanescence de la couleur vers la terre met en \u00e9vidence que le discours ne tombe pas du ciel tout \u00e0 coup. Il y a une lente maturation qui arrive \u00e0 ce r\u00e9sultat l\u00e0. Cette maturation s\u2019appuie sur une sorte de darwinisme social. <\/span><\/p>\n<p style=\"text-align: center;\"><span style=\"font-family: andale mono, monospace; font-size: 12pt;\">Rien n\u2019arrive par hasard. Flatter ce qu\u2019il y a de plus vil chez les hommes est la chose la plus s\u00fbre et la plus facile \u00e0 r\u00e9aliser. Il n\u2019est pas n\u00e9cessaire de chercher des boucs \u00e9missaires, il suffit d\u2019organiser toute une pens\u00e9e pour \u00eatre s\u00fbr de les trouver.<\/span><\/p>\n<p style=\"text-align: center;\"><span style=\"font-family: andale mono, monospace; font-size: 12pt;\">Les mots expliquent tout et dans le m\u00eame temps ne donnent aucune explication v\u00e9ritablement rationnelle. Ils ont une potentialit\u00e9 qui peut devenir une puissance d\u00e9vastatrice.<\/span><\/p>\n<p>&nbsp;<\/p>\n<p style=\"text-align: center;\"><img loading=\"lazy\" decoding=\"async\" class=\"aligncenter size-medium wp-image-236\" src=\"http:\/\/www.fragments.asso.fr\/blog\/wp-content\/uploads\/2016\/04\/persecution-215x300.gif\" alt=\"persecution\" width=\"215\" height=\"300\"><\/p>\n","protected":false},"excerpt":{"rendered":"<p>&nbsp; Cette aquarelle est sans nul doute le point d\u00e9part de l\u2019interrogation g\u00e9n\u00e9rale \u00e0 laquelle vous soumet l\u2019exposition. Elle en \u00e9voque peut-\u00eatre aussi la fin. On trouve sur cette aquarelle l\u2019\u00e9vocation de plusieurs alphabets dont l\u2019alphabet h\u00e9breu. Les lettres de l\u2019alphabet permettent la mise en forme du discours, du verbe, de la pens\u00e9e. Les \u00e9crits [&hellip;]<\/p>\n","protected":false},"author":1,"featured_media":0,"parent":0,"menu_order":0,"comment_status":"closed","ping_status":"closed","template":"templates\/page-full-width.php","meta":{"sfsi_plus_gutenberg_text_before_share":"","sfsi_plus_gutenberg_show_text_before_share":"","sfsi_plus_gutenberg_icon_type":"","sfsi_plus_gutenberg_icon_alignemt":"","sfsi_plus_gutenburg_max_per_row":"","footnotes":""},"class_list":["post-34","page","type-page","status-publish","hentry"],"_links":{"self":[{"href":"http:\/\/www.fragments.asso.fr\/blog\/wp-json\/wp\/v2\/pages\/34","targetHints":{"allow":["GET"]}}],"collection":[{"href":"http:\/\/www.fragments.asso.fr\/blog\/wp-json\/wp\/v2\/pages"}],"about":[{"href":"http:\/\/www.fragments.asso.fr\/blog\/wp-json\/wp\/v2\/types\/page"}],"author":[{"embeddable":true,"href":"http:\/\/www.fragments.asso.fr\/blog\/wp-json\/wp\/v2\/users\/1"}],"replies":[{"embeddable":true,"href":"http:\/\/www.fragments.asso.fr\/blog\/wp-json\/wp\/v2\/comments?post=34"}],"version-history":[{"count":5,"href":"http:\/\/www.fragments.asso.fr\/blog\/wp-json\/wp\/v2\/pages\/34\/revisions"}],"predecessor-version":[{"id":396,"href":"http:\/\/www.fragments.asso.fr\/blog\/wp-json\/wp\/v2\/pages\/34\/revisions\/396"}],"wp:attachment":[{"href":"http:\/\/www.fragments.asso.fr\/blog\/wp-json\/wp\/v2\/media?parent=34"}],"curies":[{"name":"wp","href":"https:\/\/api.w.org\/{rel}","templated":true}]}}