{"id":515,"date":"2022-05-02T08:39:05","date_gmt":"2022-05-02T07:39:05","guid":{"rendered":"https:\/\/www.fragments.asso.fr\/blog\/?page_id=515"},"modified":"2023-10-27T09:21:43","modified_gmt":"2023-10-27T08:21:43","slug":"fragments-sexpose","status":"publish","type":"page","link":"http:\/\/www.fragments.asso.fr\/blog\/page-d-exemple\/fragments-sexpose\/","title":{"rendered":"Fragments s&rsquo;expose &#8230;"},"content":{"rendered":"\n<p>Fragments est une exposition r\u00e9elle mais sa pr\u00e9sentation est aussi possible virtuellement.<\/p>\n<p>18 expositions virtuelles et conf\u00e9rences associ\u00e9es de 2006 \u00e0 2022 &#8230;&nbsp; Yad Vashem Isra\u00ebl, Nice, Toulon, Bordeaux, Paris, Troyes &#8230;&nbsp;<\/p>\n<p>12 expositions r\u00e9elles de 2006 \u00e0 2023 &#8230; P\u00e9rigueux, Anglet, Rochefort, Paris, Aix en Provence, Bordeaux, L\u00e8ge Cap-Ferret, Gradignan, Foix &#8230;<\/p>\n\n\n\n<hr class=\"wp-block-separator has-alpha-channel-opacity\"\/>\n\n\n\n<h2 class=\"wp-block-heading\">Conf\u00e9rence le 3 novembre 2023<\/h2>\n\n\n\n<p><a href=\"https:\/\/www.ville-colombiers.fr\/blog\/2023\/10\/26\/%F0%9F%91%A4-conference-de-stephane-brunel-sur-la-shoah\/?fbclid=IwAR0xNYVH1RGXRCue0TFLQkZHvViSq1LRCeL5B4xL0SgvlpQPibyv9PByFso\" target=\"_blank\" rel=\"noopener\">https:\/\/www.ville-colombiers.fr\/blog\/2023\/10\/26\/%F0%9F%91%A4-conference-de-stephane-brunel-sur-la-shoah\/?fbclid=IwAR0xNYVH1RGXRCue0TFLQkZHvViSq1LRCeL5B4xL0SgvlpQPibyv9PByFso<\/a><\/p>\n\n\n\n<hr class=\"wp-block-separator has-alpha-channel-opacity\"\/>\n\n\n\n<h2><span style=\"font-family: arial, helvetica, sans-serif; background-color: #999999; color: #ffffff; font-size: 36pt;\"><strong><span style=\"background-color: #999999;\">Pr\u00e9visions 2024 &#8230;\u00a0<\/span><\/strong><\/span><\/h2>\n\n\n\n<p><strong>A Talence (France), du 23 au 29 Janvier 2024, Espace le D\u00f4me.&nbsp;<\/strong><\/p>\n<p>En n\u00e9gociations avanc\u00e9es pour les C\u00f4tes Est et Ouest am\u00e9ricaines &#8211; New York, Boston puis Los Angeles<\/p>\n\n\n\n<p><span style=\"font-size: 36pt; color: #ffffff; background-color: #999999;\"><strong>Expositions pass\u00e9es &#8230;\u00a0<\/strong><\/span><\/p>\n\n\n\n<div class=\"wp-block-media-text alignwide is-stacked-on-mobile\" style=\"grid-template-columns:25% auto\"><figure class=\"wp-block-media-text__media\"><img loading=\"lazy\" decoding=\"async\" width=\"768\" height=\"1024\" src=\"https:\/\/www.fragments.asso.fr\/blog\/wp-content\/uploads\/2023\/01\/IMG_5696-768x1024.jpg\" alt=\"\" class=\"wp-image-598 size-full\" srcset=\"http:\/\/www.fragments.asso.fr\/blog\/wp-content\/uploads\/2023\/01\/IMG_5696-768x1024.jpg 768w, http:\/\/www.fragments.asso.fr\/blog\/wp-content\/uploads\/2023\/01\/IMG_5696-225x300.jpg 225w, http:\/\/www.fragments.asso.fr\/blog\/wp-content\/uploads\/2023\/01\/IMG_5696-1152x1536.jpg 1152w, http:\/\/www.fragments.asso.fr\/blog\/wp-content\/uploads\/2023\/01\/IMG_5696-1536x2048.jpg 1536w, http:\/\/www.fragments.asso.fr\/blog\/wp-content\/uploads\/2023\/01\/IMG_5696-scaled.jpg 1920w\" sizes=\"auto, (max-width: 768px) 100vw, 768px\" \/><\/figure><div class=\"wp-block-media-text__content\">\n<h2 class=\"wp-block-heading\"><strong>Exposition du 20 Mars au 20 Mai 2023 au <a href=\"https:\/\/www.agglo-foix-varilhes.fr\/content\/centre-dhistoire-de-la-resistance-et-de-la-deportation\" target=\"_blank\" rel=\"noreferrer noopener\">Centre d&rsquo;Histoire de la R\u00e9sistance et de la D\u00e9portation \u00e0 Foix.<\/a><\/strong><\/h2>\n<\/div><\/div>\n\n\n\n<div class=\"wp-block-columns is-layout-flex wp-container-core-columns-is-layout-9d6595d7 wp-block-columns-is-layout-flex\">\n<div class=\"wp-block-column is-layout-flow wp-block-column-is-layout-flow\"><div class=\"wp-block-image\">\n<figure class=\"aligncenter size-large\"><img loading=\"lazy\" decoding=\"async\" width=\"734\" height=\"1024\" src=\"http:\/\/www.fragments.asso.fr\/blog\/wp-content\/uploads\/2023\/03\/IMG_0755-734x1024.jpeg\" alt=\"\" class=\"wp-image-627\" srcset=\"http:\/\/www.fragments.asso.fr\/blog\/wp-content\/uploads\/2023\/03\/IMG_0755-734x1024.jpeg 734w, http:\/\/www.fragments.asso.fr\/blog\/wp-content\/uploads\/2023\/03\/IMG_0755-215x300.jpeg 215w, http:\/\/www.fragments.asso.fr\/blog\/wp-content\/uploads\/2023\/03\/IMG_0755-768x1071.jpeg 768w, http:\/\/www.fragments.asso.fr\/blog\/wp-content\/uploads\/2023\/03\/IMG_0755-1102x1536.jpeg 1102w, http:\/\/www.fragments.asso.fr\/blog\/wp-content\/uploads\/2023\/03\/IMG_0755-1469x2048.jpeg 1469w, http:\/\/www.fragments.asso.fr\/blog\/wp-content\/uploads\/2023\/03\/IMG_0755-scaled.jpeg 1836w\" sizes=\"auto, (max-width: 734px) 100vw, 734px\" \/><\/figure>\n<\/div><\/div>\n\n\n\n<div class=\"wp-block-column is-layout-flow wp-block-column-is-layout-flow\"><div class=\"wp-block-image\">\n<figure class=\"aligncenter size-large\"><img loading=\"lazy\" decoding=\"async\" width=\"1024\" height=\"664\" src=\"http:\/\/www.fragments.asso.fr\/blog\/wp-content\/uploads\/2023\/03\/IMG_2026-1024x664.jpeg\" alt=\"\" class=\"wp-image-628\" srcset=\"http:\/\/www.fragments.asso.fr\/blog\/wp-content\/uploads\/2023\/03\/IMG_2026-1024x664.jpeg 1024w, http:\/\/www.fragments.asso.fr\/blog\/wp-content\/uploads\/2023\/03\/IMG_2026-300x194.jpeg 300w, http:\/\/www.fragments.asso.fr\/blog\/wp-content\/uploads\/2023\/03\/IMG_2026-768x498.jpeg 768w, http:\/\/www.fragments.asso.fr\/blog\/wp-content\/uploads\/2023\/03\/IMG_2026-1536x995.jpeg 1536w, http:\/\/www.fragments.asso.fr\/blog\/wp-content\/uploads\/2023\/03\/IMG_2026-2048x1327.jpeg 2048w\" sizes=\"auto, (max-width: 1024px) 100vw, 1024px\" \/><figcaption class=\"wp-element-caption\">En pr\u00e9sence de la Vice-Pr\u00e9sidente de la Communaut\u00e9 d&rsquo;agglom\u00e9ration madame Colette Lagarde Authie, Madame la Pr\u00e9sidente du Conseil D\u00e9partemental de l&rsquo;Ari\u00e8ge, Christine T\u00e9qui, Jean-Michel Petiot, Co-Pr\u00e9sident de la Ligue de l&rsquo;enseignement de l&rsquo;Ari\u00e8ge.<\/figcaption><\/figure>\n<\/div><\/div>\n<\/div>\n\n\n\n<div class=\"wp-block-columns is-layout-flex wp-container-core-columns-is-layout-9d6595d7 wp-block-columns-is-layout-flex\">\n<div class=\"wp-block-column is-layout-flow wp-block-column-is-layout-flow\"><div class=\"wp-block-image\">\n<figure class=\"aligncenter size-large is-resized\"><img loading=\"lazy\" decoding=\"async\" width=\"768\" height=\"1024\" src=\"https:\/\/www.fragments.asso.fr\/blog\/wp-content\/uploads\/2023\/03\/IMG_2048-768x1024.jpeg\" alt=\"\" class=\"wp-image-630\" style=\"width:323px;height:431px\" srcset=\"http:\/\/www.fragments.asso.fr\/blog\/wp-content\/uploads\/2023\/03\/IMG_2048-768x1024.jpeg 768w, http:\/\/www.fragments.asso.fr\/blog\/wp-content\/uploads\/2023\/03\/IMG_2048-225x300.jpeg 225w, http:\/\/www.fragments.asso.fr\/blog\/wp-content\/uploads\/2023\/03\/IMG_2048-1152x1536.jpeg 1152w, http:\/\/www.fragments.asso.fr\/blog\/wp-content\/uploads\/2023\/03\/IMG_2048-1536x2048.jpeg 1536w, http:\/\/www.fragments.asso.fr\/blog\/wp-content\/uploads\/2023\/03\/IMG_2048-scaled.jpeg 1920w\" sizes=\"auto, (max-width: 768px) 100vw, 768px\" \/><\/figure>\n<\/div><\/div>\n\n\n\n<div class=\"wp-block-column is-layout-flow wp-block-column-is-layout-flow\"><div class=\"wp-block-image\">\n<figure class=\"aligncenter size-large is-resized\"><img loading=\"lazy\" decoding=\"async\" width=\"768\" height=\"1024\" src=\"http:\/\/www.fragments.asso.fr\/blog\/wp-content\/uploads\/2023\/03\/IMG_2030-768x1024.jpeg\" alt=\"\" class=\"wp-image-629\" style=\"width:319px;height:425px\" srcset=\"http:\/\/www.fragments.asso.fr\/blog\/wp-content\/uploads\/2023\/03\/IMG_2030-768x1024.jpeg 768w, http:\/\/www.fragments.asso.fr\/blog\/wp-content\/uploads\/2023\/03\/IMG_2030-225x300.jpeg 225w, http:\/\/www.fragments.asso.fr\/blog\/wp-content\/uploads\/2023\/03\/IMG_2030-1152x1536.jpeg 1152w, http:\/\/www.fragments.asso.fr\/blog\/wp-content\/uploads\/2023\/03\/IMG_2030-1536x2048.jpeg 1536w, http:\/\/www.fragments.asso.fr\/blog\/wp-content\/uploads\/2023\/03\/IMG_2030-scaled.jpeg 1920w\" sizes=\"auto, (max-width: 768px) 100vw, 768px\" \/><\/figure>\n<\/div><\/div>\n<\/div>\n\n\n\n<hr class=\"wp-block-separator has-alpha-channel-opacity\"\/>\n\n\n\n<div class=\"wp-block-media-text alignwide is-stacked-on-mobile\" style=\"grid-template-columns:25% auto\"><figure class=\"wp-block-media-text__media\"><img loading=\"lazy\" decoding=\"async\" width=\"768\" height=\"1024\" src=\"http:\/\/www.fragments.asso.fr\/blog\/wp-content\/uploads\/2023\/01\/IMG_5703-768x1024.jpg\" alt=\"\" class=\"wp-image-581 size-full\" srcset=\"http:\/\/www.fragments.asso.fr\/blog\/wp-content\/uploads\/2023\/01\/IMG_5703-768x1024.jpg 768w, http:\/\/www.fragments.asso.fr\/blog\/wp-content\/uploads\/2023\/01\/IMG_5703-225x300.jpg 225w, http:\/\/www.fragments.asso.fr\/blog\/wp-content\/uploads\/2023\/01\/IMG_5703-1152x1536.jpg 1152w, http:\/\/www.fragments.asso.fr\/blog\/wp-content\/uploads\/2023\/01\/IMG_5703-1536x2048.jpg 1536w, http:\/\/www.fragments.asso.fr\/blog\/wp-content\/uploads\/2023\/01\/IMG_5703-scaled.jpg 1920w\" sizes=\"auto, (max-width: 768px) 100vw, 768px\" \/><\/figure><div class=\"wp-block-media-text__content\">\n<h2><span style=\"font-family: arial, helvetica, sans-serif; font-size: 18pt;\"><strong>Exposition du 20 F\u00e9vrier au 5 Mars 2023 \u00e0 <a style=\"pointer-events: none;\" tabindex=\"-1\" href=\"https:\/\/www.perigueux-visitation.fr\/\" target=\"_blank\" rel=\"noopener\">la Visitation \u00e0 P\u00e9rigueux.<\/a><\/strong><\/span><\/h2>\n<\/div><\/div>\n\n\n\n<h2 class=\"wp-block-heading\">2022 &#8211; L\u00e8ge Cap-Ferret<\/h2>\n\n\n\n<div class=\"wp-block-media-text alignwide is-stacked-on-mobile\" style=\"grid-template-columns:44% auto\"><figure class=\"wp-block-media-text__media\"><img loading=\"lazy\" decoding=\"async\" width=\"1024\" height=\"786\" src=\"https:\/\/www.fragments.asso.fr\/blog\/wp-content\/uploads\/2022\/11\/Capture-decran-2022-11-03-a-18.02.37-1024x786.png\" alt=\"\" class=\"wp-image-550 size-full\" srcset=\"http:\/\/www.fragments.asso.fr\/blog\/wp-content\/uploads\/2022\/11\/Capture-decran-2022-11-03-a-18.02.37-1024x786.png 1024w, http:\/\/www.fragments.asso.fr\/blog\/wp-content\/uploads\/2022\/11\/Capture-decran-2022-11-03-a-18.02.37-300x230.png 300w, http:\/\/www.fragments.asso.fr\/blog\/wp-content\/uploads\/2022\/11\/Capture-decran-2022-11-03-a-18.02.37-768x589.png 768w, http:\/\/www.fragments.asso.fr\/blog\/wp-content\/uploads\/2022\/11\/Capture-decran-2022-11-03-a-18.02.37.png 1333w\" sizes=\"auto, (max-width: 1024px) 100vw, 1024px\" \/><\/figure><div class=\"wp-block-media-text__content\">\n<h2 class=\"wp-block-heading\">Maison des Archives <\/h2>\n<\/div><\/div>\n\n\n\n<hr class=\"wp-block-separator has-alpha-channel-opacity\"\/>\n\n\n\n<h2 class=\"wp-block-heading\">2022 &#8211; Camp des Milles &#8211; Aix en Provence<\/h2>\n\n\n\n<figure class=\"wp-block-image size-full\"><img loading=\"lazy\" decoding=\"async\" width=\"911\" height=\"884\" src=\"https:\/\/www.fragments.asso.fr\/blog\/wp-content\/uploads\/2022\/07\/Capture-de\u0301cran-2022-07-05-a\u0300-07.57.08-1.png\" alt=\"\" class=\"wp-image-539\" srcset=\"http:\/\/www.fragments.asso.fr\/blog\/wp-content\/uploads\/2022\/07\/Capture-de\u0301cran-2022-07-05-a\u0300-07.57.08-1.png 911w, http:\/\/www.fragments.asso.fr\/blog\/wp-content\/uploads\/2022\/07\/Capture-de\u0301cran-2022-07-05-a\u0300-07.57.08-1-300x291.png 300w, http:\/\/www.fragments.asso.fr\/blog\/wp-content\/uploads\/2022\/07\/Capture-de\u0301cran-2022-07-05-a\u0300-07.57.08-1-768x745.png 768w\" sizes=\"auto, (max-width: 911px) 100vw, 911px\" \/><\/figure>\n\n\n\n<hr class=\"wp-block-separator has-alpha-channel-opacity\"\/>\n\n\n\n<h2 class=\"wp-block-heading\">2022 &#8211; Troyes<\/h2>\n\n\n\n<div class=\"wp-block-media-text alignwide is-stacked-on-mobile\" style=\"grid-template-columns:36% auto\"><figure class=\"wp-block-media-text__media\"><img loading=\"lazy\" decoding=\"async\" width=\"526\" height=\"592\" src=\"https:\/\/www.fragments.asso.fr\/blog\/wp-content\/uploads\/2022\/05\/T2022.jpeg\" alt=\"\" class=\"wp-image-527 size-full\" srcset=\"http:\/\/www.fragments.asso.fr\/blog\/wp-content\/uploads\/2022\/05\/T2022.jpeg 526w, http:\/\/www.fragments.asso.fr\/blog\/wp-content\/uploads\/2022\/05\/T2022-267x300.jpeg 267w\" sizes=\"auto, (max-width: 526px) 100vw, 526px\" \/><\/figure><div class=\"wp-block-media-text__content\">\n<h2 class=\"wp-block-heading\">Synagogue Rachi de Troyes <\/h2>\n\n\n\n<h2 class=\"wp-block-heading\">en partenariat avec l&rsquo;AFMD 10<\/h2>\n<\/div><\/div>\n\n\n\n<hr class=\"wp-block-separator has-alpha-channel-opacity\"\/>\n\n\n\n<h2 class=\"wp-block-heading\">2019 &#8211; Bordeaux<\/h2>\n\n\n\n<div class=\"wp-block-media-text alignwide is-stacked-on-mobile\" style=\"grid-template-columns:36% auto\"><figure class=\"wp-block-media-text__media\"><img loading=\"lazy\" decoding=\"async\" width=\"720\" height=\"960\" src=\"https:\/\/www.fragments.asso.fr\/blog\/wp-content\/uploads\/2022\/05\/B2019.jpg\" alt=\"\" class=\"wp-image-525 size-full\" srcset=\"http:\/\/www.fragments.asso.fr\/blog\/wp-content\/uploads\/2022\/05\/B2019.jpg 720w, http:\/\/www.fragments.asso.fr\/blog\/wp-content\/uploads\/2022\/05\/B2019-225x300.jpg 225w\" sizes=\"auto, (max-width: 720px) 100vw, 720px\" \/><\/figure><div class=\"wp-block-media-text__content\">\n<h2 class=\"wp-block-heading\">Cour Mably <\/h2>\n<\/div><\/div>\n\n\n\n<hr class=\"wp-block-separator has-alpha-channel-opacity\"\/>\n\n\n\n<h2 class=\"wp-block-heading\">2019 &#8211; Gradignan<\/h2>\n\n\n\n<div class=\"wp-block-media-text alignwide is-stacked-on-mobile\" style=\"grid-template-columns:36% auto\"><figure class=\"wp-block-media-text__media\"><img loading=\"lazy\" decoding=\"async\" width=\"188\" height=\"272\" src=\"https:\/\/www.fragments.asso.fr\/blog\/wp-content\/uploads\/2022\/05\/G2019.png\" alt=\"\" class=\"wp-image-524 size-full\"\/><\/figure><div class=\"wp-block-media-text__content\">\n<h2 class=\"wp-block-heading\">Mus\u00e9e Sonneville de Gradignan <\/h2>\n<\/div><\/div>\n\n\n\n<hr class=\"wp-block-separator has-alpha-channel-opacity\"\/>\n\n\n\n<h2 class=\"wp-block-heading\">2018 &#8211; Bordeaux<\/h2>\n\n\n\n<div class=\"wp-block-media-text alignwide is-stacked-on-mobile\" style=\"grid-template-columns:34% auto\"><figure class=\"wp-block-media-text__media\"><img loading=\"lazy\" decoding=\"async\" width=\"210\" height=\"202\" src=\"https:\/\/www.fragments.asso.fr\/blog\/wp-content\/uploads\/2022\/05\/MB2018.png\" alt=\"\" class=\"wp-image-523 size-full\"\/><\/figure><div class=\"wp-block-media-text__content\">\n<h2 class=\"wp-block-heading\">Mosqu\u00e9e de Bordeaux <\/h2>\n<\/div><\/div>\n\n\n\n<hr class=\"wp-block-separator has-alpha-channel-opacity\"\/>\n\n\n\n<h2 class=\"wp-block-heading\">2014 &#8211; Paris<\/h2>\n\n\n\n<div class=\"wp-block-media-text alignwide is-stacked-on-mobile\" style=\"grid-template-columns:34% auto\"><figure class=\"wp-block-media-text__media\"><img loading=\"lazy\" decoding=\"async\" width=\"721\" height=\"1024\" src=\"https:\/\/www.fragments.asso.fr\/blog\/wp-content\/uploads\/2022\/05\/GO2014-721x1024.png\" alt=\"\" class=\"wp-image-522 size-full\" srcset=\"http:\/\/www.fragments.asso.fr\/blog\/wp-content\/uploads\/2022\/05\/GO2014-721x1024.png 721w, http:\/\/www.fragments.asso.fr\/blog\/wp-content\/uploads\/2022\/05\/GO2014-211x300.png 211w, http:\/\/www.fragments.asso.fr\/blog\/wp-content\/uploads\/2022\/05\/GO2014-768x1091.png 768w, http:\/\/www.fragments.asso.fr\/blog\/wp-content\/uploads\/2022\/05\/GO2014.png 890w\" sizes=\"auto, (max-width: 721px) 100vw, 721px\" \/><\/figure><div class=\"wp-block-media-text__content\">\n<h2 class=\"wp-block-heading\">Mus\u00e9e national de la Franc-ma\u00e7onnerie \u00e0 Paris <\/h2>\n<\/div><\/div>\n\n\n\n<hr class=\"wp-block-separator has-alpha-channel-opacity\"\/>\n\n\n\n<h2 class=\"wp-block-heading\">2011 &#8211; Anglet<\/h2>\n\n\n\n<div class=\"wp-block-media-text alignwide is-stacked-on-mobile\" style=\"grid-template-columns:34% auto\"><figure class=\"wp-block-media-text__media\"><img loading=\"lazy\" decoding=\"async\" width=\"1005\" height=\"1024\" src=\"https:\/\/www.fragments.asso.fr\/blog\/wp-content\/uploads\/2022\/05\/A2011-1005x1024.jpg\" alt=\"\" class=\"wp-image-521 size-full\" srcset=\"http:\/\/www.fragments.asso.fr\/blog\/wp-content\/uploads\/2022\/05\/A2011-1005x1024.jpg 1005w, http:\/\/www.fragments.asso.fr\/blog\/wp-content\/uploads\/2022\/05\/A2011-294x300.jpg 294w, http:\/\/www.fragments.asso.fr\/blog\/wp-content\/uploads\/2022\/05\/A2011-768x783.jpg 768w, http:\/\/www.fragments.asso.fr\/blog\/wp-content\/uploads\/2022\/05\/A2011-1507x1536.jpg 1507w, http:\/\/www.fragments.asso.fr\/blog\/wp-content\/uploads\/2022\/05\/A2011.jpg 1774w\" sizes=\"auto, (max-width: 1005px) 100vw, 1005px\" \/><\/figure><div class=\"wp-block-media-text__content\">\n<h2 class=\"wp-block-heading\">Anglet <\/h2>\n<\/div><\/div>\n\n\n\n<hr class=\"wp-block-separator has-alpha-channel-opacity\"\/>\n\n\n\n<h2 class=\"wp-block-heading\">2009 &#8211; Rochefort<\/h2>\n\n\n\n<div class=\"wp-block-media-text alignwide is-stacked-on-mobile\" style=\"grid-template-columns:34% auto\"><figure class=\"wp-block-media-text__media\"><img loading=\"lazy\" decoding=\"async\" width=\"191\" height=\"270\" src=\"https:\/\/www.fragments.asso.fr\/blog\/wp-content\/uploads\/2022\/05\/R2009.png\" alt=\"\" class=\"wp-image-520 size-full\"\/><\/figure><div class=\"wp-block-media-text__content\">\n<h2 class=\"wp-block-heading\">Corderie royale  <\/h2>\n<\/div><\/div>\n\n\n\n<hr class=\"wp-block-separator has-alpha-channel-opacity\"\/>\n\n\n\n<h2 class=\"wp-block-heading\">2007 &#8211; P\u00e9rigueux<\/h2>\n\n\n\n<div class=\"wp-block-media-text alignwide is-stacked-on-mobile\" style=\"grid-template-columns:34% auto\"><figure class=\"wp-block-media-text__media\"><img loading=\"lazy\" decoding=\"async\" width=\"171\" height=\"242\" src=\"https:\/\/www.fragments.asso.fr\/blog\/wp-content\/uploads\/2022\/05\/P2007.png\" alt=\"\" class=\"wp-image-519 size-full\"\/><\/figure><div class=\"wp-block-media-text__content\">\n<h2 class=\"wp-block-heading\">Th\u00e9\u00e2tre de P\u00e9rigueux<\/h2>\n<\/div><\/div>\n\n\n\n<hr class=\"wp-block-separator has-alpha-channel-opacity\"\/>\n\n\n\n<h2 class=\"wp-block-heading\">2006 &#8211; J\u00e9rusalem<\/h2>\n\n\n\n<div class=\"wp-block-media-text alignwide is-stacked-on-mobile\" style=\"grid-template-columns:35% auto\"><figure class=\"wp-block-media-text__media\"><img loading=\"lazy\" decoding=\"async\" width=\"282\" height=\"212\" src=\"https:\/\/www.fragments.asso.fr\/blog\/wp-content\/uploads\/2022\/05\/YV2006.jpg\" alt=\"\" class=\"wp-image-518 size-full\"\/><\/figure><div class=\"wp-block-media-text__content\">\n<h2 class=\"wp-block-heading\">Yad Vashem <\/h2>\n<\/div><\/div>\n\n\n\n<hr class=\"wp-block-separator has-alpha-channel-opacity\"\/>\n\n\n\n<h2 class=\"wp-block-heading\">2005 &#8211; Bordeaux<\/h2>\n\n\n\n<div class=\"wp-block-media-text alignwide is-stacked-on-mobile\" style=\"grid-template-columns:35% auto\"><figure class=\"wp-block-media-text__media\"><img loading=\"lazy\" decoding=\"async\" width=\"286\" height=\"300\" src=\"https:\/\/www.fragments.asso.fr\/blog\/wp-content\/uploads\/2022\/05\/CR2005.jpg\" alt=\"\" class=\"wp-image-517 size-full\"\/><\/figure><div class=\"wp-block-media-text__content\">\n<h2 class=\"wp-block-heading\">H\u00f4tel de R\u00e9gion Aquitaine<\/h2>\n<\/div><\/div>\n\n\n\n<hr class=\"wp-block-separator has-alpha-channel-opacity\"\/>\n\n\n\n<h2 class=\"wp-block-heading\">2004 &#8211; Bordeaux &#8211; Premi\u00e8re Exposition<\/h2>\n\n\n\n<div class=\"wp-block-media-text alignwide is-stacked-on-mobile\" style=\"grid-template-columns:34% auto\"><figure class=\"wp-block-media-text__media\"><img loading=\"lazy\" decoding=\"async\" width=\"165\" height=\"253\" src=\"https:\/\/www.fragments.asso.fr\/blog\/wp-content\/uploads\/2022\/05\/Sans-titre.png\" alt=\"\" class=\"wp-image-516 size-full\"\/><\/figure><div class=\"wp-block-media-text__content\">\n<h2 class=\"wp-block-heading\">Centre National Jean Moulin<\/h2>\n<\/div><\/div>\n","protected":false},"excerpt":{"rendered":"<p>Fragments est une exposition r\u00e9elle mais sa pr\u00e9sentation est aussi possible virtuellement. 18 expositions virtuelles et conf\u00e9rences associ\u00e9es de 2006 \u00e0 2022 &#8230;&nbsp; Yad Vashem Isra\u00ebl, Nice, Toulon, Bordeaux, Paris, Troyes &#8230;&nbsp; 12 expositions r\u00e9elles de 2006 \u00e0 2023 &#8230; P\u00e9rigueux, Anglet, Rochefort, Paris, Aix en Provence, Bordeaux, L\u00e8ge Cap-Ferret, Gradignan, Foix &#8230; Conf\u00e9rence le [&hellip;]<\/p>\n","protected":false},"author":1,"featured_media":0,"parent":2,"menu_order":0,"comment_status":"closed","ping_status":"closed","template":"templates\/page-full-width.php","meta":{"sfsi_plus_gutenberg_text_before_share":"","sfsi_plus_gutenberg_show_text_before_share":"","sfsi_plus_gutenberg_icon_type":"","sfsi_plus_gutenberg_icon_alignemt":"","sfsi_plus_gutenburg_max_per_row":"","footnotes":""},"class_list":["post-515","page","type-page","status-publish","hentry"],"_links":{"self":[{"href":"http:\/\/www.fragments.asso.fr\/blog\/wp-json\/wp\/v2\/pages\/515","targetHints":{"allow":["GET"]}}],"collection":[{"href":"http:\/\/www.fragments.asso.fr\/blog\/wp-json\/wp\/v2\/pages"}],"about":[{"href":"http:\/\/www.fragments.asso.fr\/blog\/wp-json\/wp\/v2\/types\/page"}],"author":[{"embeddable":true,"href":"http:\/\/www.fragments.asso.fr\/blog\/wp-json\/wp\/v2\/users\/1"}],"replies":[{"embeddable":true,"href":"http:\/\/www.fragments.asso.fr\/blog\/wp-json\/wp\/v2\/comments?post=515"}],"version-history":[{"count":35,"href":"http:\/\/www.fragments.asso.fr\/blog\/wp-json\/wp\/v2\/pages\/515\/revisions"}],"predecessor-version":[{"id":649,"href":"http:\/\/www.fragments.asso.fr\/blog\/wp-json\/wp\/v2\/pages\/515\/revisions\/649"}],"up":[{"embeddable":true,"href":"http:\/\/www.fragments.asso.fr\/blog\/wp-json\/wp\/v2\/pages\/2"}],"wp:attachment":[{"href":"http:\/\/www.fragments.asso.fr\/blog\/wp-json\/wp\/v2\/media?parent=515"}],"curies":[{"name":"wp","href":"https:\/\/api.w.org\/{rel}","templated":true}]}}